{"id":1255,"date":"2022-03-02T14:14:11","date_gmt":"2022-03-02T13:14:11","guid":{"rendered":"https:\/\/ledomainevert.com\/verblijf\/groepen-retreat\/"},"modified":"2026-01-09T08:02:17","modified_gmt":"2026-01-09T07:02:17","slug":"groepen-retreat","status":"publish","type":"page","link":"https:\/\/ledomainevert.com\/fr\/verblijf\/groepen-retreat\/","title":{"rendered":"Groupes"},"content":{"rendered":"\n<div class=\"wp-block-cover\"><img loading=\"lazy\" decoding=\"async\" width=\"2560\" height=\"810\" class=\"wp-block-cover__image-background wp-image-698\" alt=\"\" src=\"https:\/\/ledomainevert.com\/wp-content\/uploads\/2022\/03\/groepen-scaled.jpg\" data-object-fit=\"cover\" srcset=\"https:\/\/ledomainevert.com\/wp-content\/uploads\/2022\/03\/groepen-scaled.jpg 2560w, https:\/\/ledomainevert.com\/wp-content\/uploads\/2022\/03\/groepen-300x95.jpg 300w, https:\/\/ledomainevert.com\/wp-content\/uploads\/2022\/03\/groepen-1024x324.jpg 1024w, https:\/\/ledomainevert.com\/wp-content\/uploads\/2022\/03\/groepen-768x243.jpg 768w, https:\/\/ledomainevert.com\/wp-content\/uploads\/2022\/03\/groepen-1536x486.jpg 1536w, https:\/\/ledomainevert.com\/wp-content\/uploads\/2022\/03\/groepen-2048x648.jpg 2048w\" sizes=\"auto, (max-width: 2560px) 100vw, 2560px\" \/><span aria-hidden=\"true\" class=\"wp-block-cover__background has-background-dim-0 has-background-dim\"><\/span><div class=\"wp-block-cover__inner-container is-layout-flow wp-block-cover-is-layout-flow\">\n<p class=\"has-text-align-center has-large-font-size\"><\/p>\n<\/div><\/div>\n\n\n<style>.kb-row-layout-id1255_18ae8f-3b > .kt-row-column-wrap{align-content:start;}:where(.kb-row-layout-id1255_18ae8f-3b > .kt-row-column-wrap) > .wp-block-kadence-column{justify-content:start;}.kb-row-layout-id1255_18ae8f-3b > .kt-row-column-wrap{column-gap:var(--global-kb-gap-md, 2rem);row-gap:var(--global-kb-gap-md, 2rem);max-width:var( --global-content-width, 1290px );padding-left:var(--global-content-edge-padding);padding-right:var(--global-content-edge-padding);padding-top:75px;padding-bottom:50px;grid-template-columns:repeat(2, minmax(0, 1fr));}.kb-row-layout-id1255_18ae8f-3b > .kt-row-layout-overlay{opacity:0.30;}@media all and (max-width: 1024px){.kb-row-layout-id1255_18ae8f-3b > .kt-row-column-wrap{grid-template-columns:repeat(2, minmax(0, 1fr));}}@media all and (max-width: 767px){.kb-row-layout-id1255_18ae8f-3b > .kt-row-column-wrap{grid-template-columns:minmax(0, 1fr);}}<\/style><div class=\"kb-row-layout-wrap kb-row-layout-id1255_18ae8f-3b alignnone wp-block-kadence-rowlayout\"><div class=\"kt-row-column-wrap kt-has-2-columns kt-row-layout-equal kt-tab-layout-inherit kt-mobile-layout-row kt-row-valign-top kt-inner-column-height-full kb-theme-content-width\">\n<style>.kadence-column1255_2fe27e-55 > .kt-inside-inner-col,.kadence-column1255_2fe27e-55 > .kt-inside-inner-col:before{border-top-left-radius:0px;border-top-right-radius:0px;border-bottom-right-radius:0px;border-bottom-left-radius:0px;}.kadence-column1255_2fe27e-55 > .kt-inside-inner-col{column-gap:var(--global-kb-gap-sm, 1rem);}.kadence-column1255_2fe27e-55 > .kt-inside-inner-col{flex-direction:column;}.kadence-column1255_2fe27e-55 > .kt-inside-inner-col > .aligncenter{width:100%;}.kadence-column1255_2fe27e-55 > .kt-inside-inner-col:before{opacity:0.3;}.kadence-column1255_2fe27e-55{position:relative;}@media all and (max-width: 1024px){.kadence-column1255_2fe27e-55 > .kt-inside-inner-col{flex-direction:column;justify-content:center;}}@media all and (max-width: 767px){.kadence-column1255_2fe27e-55 > .kt-inside-inner-col{flex-direction:column;justify-content:center;}}<\/style>\n<div class=\"wp-block-kadence-column kadence-column1255_2fe27e-55 inner-column-1\"><div class=\"kt-inside-inner-col\">\n<figure class=\"wp-block-image size-large\"><img loading=\"lazy\" decoding=\"async\" width=\"1024\" height=\"577\" src=\"https:\/\/ledomainevert.com\/wp-content\/uploads\/2022\/12\/groep-1024x577.jpg\" alt=\"\" class=\"wp-image-2225\" srcset=\"https:\/\/ledomainevert.com\/wp-content\/uploads\/2022\/12\/groep-1024x577.jpg 1024w, https:\/\/ledomainevert.com\/wp-content\/uploads\/2022\/12\/groep-300x169.jpg 300w, https:\/\/ledomainevert.com\/wp-content\/uploads\/2022\/12\/groep-768x432.jpg 768w, https:\/\/ledomainevert.com\/wp-content\/uploads\/2022\/12\/groep-1536x865.jpg 1536w, https:\/\/ledomainevert.com\/wp-content\/uploads\/2022\/12\/groep-2048x1153.jpg 2048w\" sizes=\"auto, (max-width: 1024px) 100vw, 1024px\" \/><\/figure>\n<\/div><\/div>\n\n\n<style>.kadence-column1255_e16872-89 > .kt-inside-inner-col{padding-top:20px;padding-right:20px;padding-bottom:20px;padding-left:20px;}.kadence-column1255_e16872-89 > .kt-inside-inner-col,.kadence-column1255_e16872-89 > .kt-inside-inner-col:before{border-top-left-radius:20px;border-top-right-radius:20px;border-bottom-right-radius:20px;border-bottom-left-radius:20px;}.kadence-column1255_e16872-89 > .kt-inside-inner-col{column-gap:var(--global-kb-gap-sm, 1rem);}.kadence-column1255_e16872-89 > .kt-inside-inner-col{flex-direction:column;}.kadence-column1255_e16872-89 > .kt-inside-inner-col > .aligncenter{width:100%;}.kadence-column1255_e16872-89 > .kt-inside-inner-col{background-color:var(--global-palette7, #EDF2F7);}.kadence-column1255_e16872-89 > .kt-inside-inner-col:before{opacity:0.3;}.kadence-column1255_e16872-89{position:relative;}@media all and (max-width: 1024px){.kadence-column1255_e16872-89 > .kt-inside-inner-col{flex-direction:column;justify-content:center;}}@media all and (max-width: 767px){.kadence-column1255_e16872-89 > .kt-inside-inner-col{flex-direction:column;justify-content:center;}}<\/style>\n<div class=\"wp-block-kadence-column kadence-column1255_e16872-89 inner-column-2\"><div class=\"kt-inside-inner-col\"><style>.wp-block-kadence-advancedheading.kt-adv-heading1255_61cc87-f4, .wp-block-kadence-advancedheading.kt-adv-heading1255_61cc87-f4[data-kb-block=\"kb-adv-heading1255_61cc87-f4\"]{font-style:normal;}.wp-block-kadence-advancedheading.kt-adv-heading1255_61cc87-f4 mark.kt-highlight, .wp-block-kadence-advancedheading.kt-adv-heading1255_61cc87-f4[data-kb-block=\"kb-adv-heading1255_61cc87-f4\"] mark.kt-highlight{font-style:normal;color:#f76a0c;-webkit-box-decoration-break:clone;box-decoration-break:clone;padding-top:0px;padding-right:0px;padding-bottom:0px;padding-left:0px;}.wp-block-kadence-advancedheading.kt-adv-heading1255_61cc87-f4 img.kb-inline-image, .wp-block-kadence-advancedheading.kt-adv-heading1255_61cc87-f4[data-kb-block=\"kb-adv-heading1255_61cc87-f4\"] img.kb-inline-image{width:150px;vertical-align:baseline;}<\/style>\n<h2 class=\"kt-adv-heading1255_61cc87-f4 wp-block-kadence-advancedheading\" data-kb-block=\"kb-adv-heading1255_61cc87-f4\">Groupes et retraites<\/h2>\n\n\n\n<p>Le Domaine Vert, v\u00e9ritable havre de paix au c\u0153ur de la Corr\u00e8ze, est id\u00e9al pour accueillir des retraites, des formations et autres \u00e9v\u00e9nements. Le domaine peut accueillir des groupes jusqu\u2019\u00e0 42 participants. En septembre, apr\u00e8s consultation, il est \u00e9galement possible de louer une partie du camping adjacent, ce qui permet de recevoir des groupes d\u2019environ 200 personnes.<\/p>\n\n\n\n<p>Au centre du domaine se trouve une grande grange ancienne, transform\u00e9e en un espace de groupe lumineux et agr\u00e9able de 120 m\u00b2. Vous y trouverez :<\/p>\n\n\n\n<p>une installation sonore avec table de mixage,<\/p>\n\n\n\n<p>des lampes LED professionnelles dont la couleur peut \u00eatre modifi\u00e9e,<\/p>\n\n\n\n<p>des matelas et coussins de m\u00e9ditation tr\u00e8s confortables,<\/p>\n\n\n\n<p>du caf\u00e9, du th\u00e9 et de l\u2019eau.<\/p>\n\n\n\n<p>Vous \u00eates bien s\u00fbr libres d\u2019apporter votre propre cuisinier, ou, si vous le souhaitez, d\u2019en engager un via notre r\u00e9seau. Nous aimons \u00e9galement cuisiner pour les groupes qui viennent s\u00e9journer au Domaine Vert \u2014 n\u2019h\u00e9sitez pas \u00e0 nous demander quelles options sont possibles.<\/p>\n\n\n\n<p>Le domaine est enti\u00e8rement priv\u00e9, situ\u00e9 dans une impasse et entour\u00e9 de haies, d\u2019arbustes et d\u2019arbres, offrant ainsi beaucoup d\u2019intimit\u00e9 et de tranquillit\u00e9. Nos voisins, situ\u00e9s \u00e0 distance, sont en tr\u00e8s bons termes avec nous. La musique et les activit\u00e9s bruyantes sont autoris\u00e9es, tout comme se promener librement dans les jardins.<\/p>\n\n\n\n<p>Vous souhaitez en savoir plus ou r\u00e9server votre \u00e9v\u00e9nement\u202f? Contactez Walter et Anna Linde par email : walter@ledomainevert.com ou annalinde@ledomainevert.com<\/p>\n<\/div><\/div>\n\n<\/div><\/div>\n\n\n<div class=\"wp-block-cover\"><img loading=\"lazy\" decoding=\"async\" width=\"2560\" height=\"1441\" class=\"wp-block-cover__image-background wp-image-3088\" alt=\"\" src=\"https:\/\/ledomainevert.com\/wp-content\/uploads\/2023\/10\/20220902_093206-scaled.jpg\" data-object-fit=\"cover\" srcset=\"https:\/\/ledomainevert.com\/wp-content\/uploads\/2023\/10\/20220902_093206-scaled.jpg 2560w, https:\/\/ledomainevert.com\/wp-content\/uploads\/2023\/10\/20220902_093206-300x169.jpg 300w, https:\/\/ledomainevert.com\/wp-content\/uploads\/2023\/10\/20220902_093206-1024x577.jpg 1024w, https:\/\/ledomainevert.com\/wp-content\/uploads\/2023\/10\/20220902_093206-768x432.jpg 768w, https:\/\/ledomainevert.com\/wp-content\/uploads\/2023\/10\/20220902_093206-1536x865.jpg 1536w, https:\/\/ledomainevert.com\/wp-content\/uploads\/2023\/10\/20220902_093206-2048x1153.jpg 2048w\" sizes=\"auto, (max-width: 2560px) 100vw, 2560px\" \/><span aria-hidden=\"true\" class=\"wp-block-cover__background has-background-dim-0 has-background-dim\"><\/span><div class=\"wp-block-cover__inner-container is-layout-flow wp-block-cover-is-layout-flow\">\n<p class=\"has-text-align-center has-large-font-size\"><\/p>\n<\/div><\/div>\n","protected":false},"excerpt":{"rendered":"<p>Groupes et retraites Le Domaine Vert, v\u00e9ritable havre de paix au c\u0153ur de la Corr\u00e8ze, est id\u00e9al pour accueillir des retraites, des formations et autres \u00e9v\u00e9nements. Le domaine peut accueillir&#8230;<\/p>\n","protected":false},"author":1,"featured_media":0,"parent":1248,"menu_order":0,"comment_status":"closed","ping_status":"closed","template":"","meta":{"inline_featured_image":false,"_kad_blocks_custom_css":"","_kad_blocks_head_custom_js":"","_kad_blocks_body_custom_js":"","_kad_blocks_footer_custom_js":"","_monsterinsights_skip_tracking":false,"_monsterinsights_sitenote_active":false,"_monsterinsights_sitenote_note":"","_monsterinsights_sitenote_category":0,"_price":"","_stock":"","_tribe_ticket_header":"","_tribe_default_ticket_provider":"","_tribe_ticket_capacity":"0","_ticket_start_date":"","_ticket_end_date":"","_tribe_ticket_show_description":"","_tribe_ticket_show_not_going":false,"_tribe_ticket_use_global_stock":"","_tribe_ticket_global_stock_level":"","_global_stock_mode":"","_global_stock_cap":"","_tribe_rsvp_for_event":"","_tribe_ticket_going_count":"","_tribe_ticket_not_going_count":"","_tribe_tickets_list":"[]","_tribe_ticket_has_attendee_info_fields":false,"_kadence_starter_templates_imported_post":false,"_kad_post_transparent":"","_kad_post_title":"","_kad_post_layout":"","_kad_post_sidebar_id":"","_kad_post_content_style":"","_kad_post_vertical_padding":"","_kad_post_feature":"","_kad_post_feature_position":"","_kad_post_header":false,"_kad_post_footer":false,"_kad_post_classname":"","footnotes":"","_tec_slr_enabled":"","_tec_slr_layout":""},"class_list":["post-1255","page","type-page","status-publish","hentry"],"yoast_head":"<!-- This site is optimized with the Yoast SEO plugin v27.4 - https:\/\/yoast.com\/product\/yoast-seo-wordpress\/ -->\n<title>Groupes - Le Domaine Vert<\/title>\n<meta name=\"robots\" content=\"index, follow, max-snippet:-1, max-image-preview:large, max-video-preview:-1\" \/>\n<link rel=\"canonical\" href=\"https:\/\/ledomainevert.com\/fr\/verblijf\/groepen-retreat\/\" \/>\n<meta property=\"og:locale\" content=\"fr_FR\" \/>\n<meta property=\"og:type\" content=\"article\" \/>\n<meta property=\"og:title\" content=\"Groupes - Le Domaine Vert\" \/>\n<meta property=\"og:description\" content=\"Groupes et retraites Le Domaine Vert, v\u00e9ritable havre de paix au c\u0153ur de la Corr\u00e8ze, est id\u00e9al pour accueillir des retraites, des formations et autres \u00e9v\u00e9nements. Le domaine peut accueillir...\" \/>\n<meta property=\"og:url\" content=\"https:\/\/ledomainevert.com\/fr\/verblijf\/groepen-retreat\/\" \/>\n<meta property=\"og:site_name\" content=\"Le Domaine Vert\" \/>\n<meta property=\"article:publisher\" content=\"https:\/\/www.facebook.com\/ledomainevert\" \/>\n<meta property=\"article:modified_time\" content=\"2026-01-09T07:02:17+00:00\" \/>\n<meta property=\"og:image\" content=\"https:\/\/ledomainevert.com\/wp-content\/uploads\/2022\/03\/groepen-scaled.jpg\" \/>\n\t<meta property=\"og:image:width\" content=\"2560\" \/>\n\t<meta property=\"og:image:height\" content=\"810\" \/>\n\t<meta property=\"og:image:type\" content=\"image\/jpeg\" \/>\n<meta name=\"twitter:card\" content=\"summary_large_image\" \/>\n<meta name=\"twitter:label1\" content=\"Dur\u00e9e de lecture estim\u00e9e\" \/>\n\t<meta name=\"twitter:data1\" content=\"2 minutes\" \/>\n<script type=\"application\/ld+json\" class=\"yoast-schema-graph\">{\"@context\":\"https:\\\/\\\/schema.org\",\"@graph\":[{\"@type\":\"WebPage\",\"@id\":\"https:\\\/\\\/ledomainevert.com\\\/fr\\\/verblijf\\\/groepen-retreat\\\/\",\"url\":\"https:\\\/\\\/ledomainevert.com\\\/fr\\\/verblijf\\\/groepen-retreat\\\/\",\"name\":\"Groupes - Le Domaine Vert\",\"isPartOf\":{\"@id\":\"https:\\\/\\\/ledomainevert.com\\\/en\\\/#website\"},\"primaryImageOfPage\":{\"@id\":\"https:\\\/\\\/ledomainevert.com\\\/fr\\\/verblijf\\\/groepen-retreat\\\/#primaryimage\"},\"image\":{\"@id\":\"https:\\\/\\\/ledomainevert.com\\\/fr\\\/verblijf\\\/groepen-retreat\\\/#primaryimage\"},\"thumbnailUrl\":\"https:\\\/\\\/ledomainevert.com\\\/wp-content\\\/uploads\\\/2022\\\/03\\\/groepen-scaled.jpg\",\"datePublished\":\"2022-03-02T13:14:11+00:00\",\"dateModified\":\"2026-01-09T07:02:17+00:00\",\"breadcrumb\":{\"@id\":\"https:\\\/\\\/ledomainevert.com\\\/fr\\\/verblijf\\\/groepen-retreat\\\/#breadcrumb\"},\"inLanguage\":\"fr-FR\",\"potentialAction\":[{\"@type\":\"ReadAction\",\"target\":[\"https:\\\/\\\/ledomainevert.com\\\/fr\\\/verblijf\\\/groepen-retreat\\\/\"]}]},{\"@type\":\"ImageObject\",\"inLanguage\":\"fr-FR\",\"@id\":\"https:\\\/\\\/ledomainevert.com\\\/fr\\\/verblijf\\\/groepen-retreat\\\/#primaryimage\",\"url\":\"https:\\\/\\\/ledomainevert.com\\\/wp-content\\\/uploads\\\/2022\\\/03\\\/groepen-scaled.jpg\",\"contentUrl\":\"https:\\\/\\\/ledomainevert.com\\\/wp-content\\\/uploads\\\/2022\\\/03\\\/groepen-scaled.jpg\"},{\"@type\":\"BreadcrumbList\",\"@id\":\"https:\\\/\\\/ledomainevert.com\\\/fr\\\/verblijf\\\/groepen-retreat\\\/#breadcrumb\",\"itemListElement\":[{\"@type\":\"ListItem\",\"position\":1,\"name\":\"Home\",\"item\":\"https:\\\/\\\/ledomainevert.com\\\/fr\\\/\"},{\"@type\":\"ListItem\",\"position\":2,\"name\":\"H\u00e9rbergement\",\"item\":\"https:\\\/\\\/ledomainevert.com\\\/fr\\\/verblijf\\\/\"},{\"@type\":\"ListItem\",\"position\":3,\"name\":\"Groupes\"}]},{\"@type\":\"WebSite\",\"@id\":\"https:\\\/\\\/ledomainevert.com\\\/en\\\/#website\",\"url\":\"https:\\\/\\\/ledomainevert.com\\\/en\\\/\",\"name\":\"Le Domaine Vert\",\"description\":\"het groene domein\",\"publisher\":{\"@id\":\"https:\\\/\\\/ledomainevert.com\\\/en\\\/#organization\"},\"potentialAction\":[{\"@type\":\"SearchAction\",\"target\":{\"@type\":\"EntryPoint\",\"urlTemplate\":\"https:\\\/\\\/ledomainevert.com\\\/en\\\/?s={search_term_string}\"},\"query-input\":{\"@type\":\"PropertyValueSpecification\",\"valueRequired\":true,\"valueName\":\"search_term_string\"}}],\"inLanguage\":\"fr-FR\"},{\"@type\":\"Organization\",\"@id\":\"https:\\\/\\\/ledomainevert.com\\\/en\\\/#organization\",\"name\":\"Le Domaine Vert\",\"url\":\"https:\\\/\\\/ledomainevert.com\\\/en\\\/\",\"logo\":{\"@type\":\"ImageObject\",\"inLanguage\":\"fr-FR\",\"@id\":\"https:\\\/\\\/ledomainevert.com\\\/en\\\/#\\\/schema\\\/logo\\\/image\\\/\",\"url\":\"https:\\\/\\\/ledomainevert.com\\\/wp-content\\\/uploads\\\/2022\\\/03\\\/logo-le-domaine-vert-2.svg\",\"contentUrl\":\"https:\\\/\\\/ledomainevert.com\\\/wp-content\\\/uploads\\\/2022\\\/03\\\/logo-le-domaine-vert-2.svg\",\"caption\":\"Le Domaine Vert\"},\"image\":{\"@id\":\"https:\\\/\\\/ledomainevert.com\\\/en\\\/#\\\/schema\\\/logo\\\/image\\\/\"},\"sameAs\":[\"https:\\\/\\\/www.facebook.com\\\/ledomainevert\",\"https:\\\/\\\/www.instagram.com\\\/ledomainevert\"]}]}<\/script>\n<!-- \/ Yoast SEO plugin. -->","yoast_head_json":{"title":"Groupes - Le Domaine Vert","robots":{"index":"index","follow":"follow","max-snippet":"max-snippet:-1","max-image-preview":"max-image-preview:large","max-video-preview":"max-video-preview:-1"},"canonical":"https:\/\/ledomainevert.com\/fr\/verblijf\/groepen-retreat\/","og_locale":"fr_FR","og_type":"article","og_title":"Groupes - Le Domaine Vert","og_description":"Groupes et retraites Le Domaine Vert, v\u00e9ritable havre de paix au c\u0153ur de la Corr\u00e8ze, est id\u00e9al pour accueillir des retraites, des formations et autres \u00e9v\u00e9nements. Le domaine peut accueillir...","og_url":"https:\/\/ledomainevert.com\/fr\/verblijf\/groepen-retreat\/","og_site_name":"Le Domaine Vert","article_publisher":"https:\/\/www.facebook.com\/ledomainevert","article_modified_time":"2026-01-09T07:02:17+00:00","og_image":[{"width":2560,"height":810,"url":"https:\/\/ledomainevert.com\/wp-content\/uploads\/2022\/03\/groepen-scaled.jpg","type":"image\/jpeg"}],"twitter_card":"summary_large_image","twitter_misc":{"Dur\u00e9e de lecture estim\u00e9e":"2 minutes"},"schema":{"@context":"https:\/\/schema.org","@graph":[{"@type":"WebPage","@id":"https:\/\/ledomainevert.com\/fr\/verblijf\/groepen-retreat\/","url":"https:\/\/ledomainevert.com\/fr\/verblijf\/groepen-retreat\/","name":"Groupes - Le Domaine Vert","isPartOf":{"@id":"https:\/\/ledomainevert.com\/en\/#website"},"primaryImageOfPage":{"@id":"https:\/\/ledomainevert.com\/fr\/verblijf\/groepen-retreat\/#primaryimage"},"image":{"@id":"https:\/\/ledomainevert.com\/fr\/verblijf\/groepen-retreat\/#primaryimage"},"thumbnailUrl":"https:\/\/ledomainevert.com\/wp-content\/uploads\/2022\/03\/groepen-scaled.jpg","datePublished":"2022-03-02T13:14:11+00:00","dateModified":"2026-01-09T07:02:17+00:00","breadcrumb":{"@id":"https:\/\/ledomainevert.com\/fr\/verblijf\/groepen-retreat\/#breadcrumb"},"inLanguage":"fr-FR","potentialAction":[{"@type":"ReadAction","target":["https:\/\/ledomainevert.com\/fr\/verblijf\/groepen-retreat\/"]}]},{"@type":"ImageObject","inLanguage":"fr-FR","@id":"https:\/\/ledomainevert.com\/fr\/verblijf\/groepen-retreat\/#primaryimage","url":"https:\/\/ledomainevert.com\/wp-content\/uploads\/2022\/03\/groepen-scaled.jpg","contentUrl":"https:\/\/ledomainevert.com\/wp-content\/uploads\/2022\/03\/groepen-scaled.jpg"},{"@type":"BreadcrumbList","@id":"https:\/\/ledomainevert.com\/fr\/verblijf\/groepen-retreat\/#breadcrumb","itemListElement":[{"@type":"ListItem","position":1,"name":"Home","item":"https:\/\/ledomainevert.com\/fr\/"},{"@type":"ListItem","position":2,"name":"H\u00e9rbergement","item":"https:\/\/ledomainevert.com\/fr\/verblijf\/"},{"@type":"ListItem","position":3,"name":"Groupes"}]},{"@type":"WebSite","@id":"https:\/\/ledomainevert.com\/en\/#website","url":"https:\/\/ledomainevert.com\/en\/","name":"Le Domaine Vert","description":"het groene domein","publisher":{"@id":"https:\/\/ledomainevert.com\/en\/#organization"},"potentialAction":[{"@type":"SearchAction","target":{"@type":"EntryPoint","urlTemplate":"https:\/\/ledomainevert.com\/en\/?s={search_term_string}"},"query-input":{"@type":"PropertyValueSpecification","valueRequired":true,"valueName":"search_term_string"}}],"inLanguage":"fr-FR"},{"@type":"Organization","@id":"https:\/\/ledomainevert.com\/en\/#organization","name":"Le Domaine Vert","url":"https:\/\/ledomainevert.com\/en\/","logo":{"@type":"ImageObject","inLanguage":"fr-FR","@id":"https:\/\/ledomainevert.com\/en\/#\/schema\/logo\/image\/","url":"https:\/\/ledomainevert.com\/wp-content\/uploads\/2022\/03\/logo-le-domaine-vert-2.svg","contentUrl":"https:\/\/ledomainevert.com\/wp-content\/uploads\/2022\/03\/logo-le-domaine-vert-2.svg","caption":"Le Domaine Vert"},"image":{"@id":"https:\/\/ledomainevert.com\/en\/#\/schema\/logo\/image\/"},"sameAs":["https:\/\/www.facebook.com\/ledomainevert","https:\/\/www.instagram.com\/ledomainevert"]}]}},"taxonomy_info":[],"featured_image_src_large":false,"author_info":{"display_name":"admin","author_link":"https:\/\/ledomainevert.com\/fr\/author\/admin_ah0q7gvg\/"},"comment_info":0,"ticketed":false,"_links":{"self":[{"href":"https:\/\/ledomainevert.com\/fr\/wp-json\/wp\/v2\/pages\/1255","targetHints":{"allow":["GET"]}}],"collection":[{"href":"https:\/\/ledomainevert.com\/fr\/wp-json\/wp\/v2\/pages"}],"about":[{"href":"https:\/\/ledomainevert.com\/fr\/wp-json\/wp\/v2\/types\/page"}],"author":[{"embeddable":true,"href":"https:\/\/ledomainevert.com\/fr\/wp-json\/wp\/v2\/users\/1"}],"replies":[{"embeddable":true,"href":"https:\/\/ledomainevert.com\/fr\/wp-json\/wp\/v2\/comments?post=1255"}],"version-history":[{"count":9,"href":"https:\/\/ledomainevert.com\/fr\/wp-json\/wp\/v2\/pages\/1255\/revisions"}],"predecessor-version":[{"id":4868,"href":"https:\/\/ledomainevert.com\/fr\/wp-json\/wp\/v2\/pages\/1255\/revisions\/4868"}],"up":[{"embeddable":true,"href":"https:\/\/ledomainevert.com\/fr\/wp-json\/wp\/v2\/pages\/1248"}],"wp:attachment":[{"href":"https:\/\/ledomainevert.com\/fr\/wp-json\/wp\/v2\/media?parent=1255"}],"curies":[{"name":"wp","href":"https:\/\/api.w.org\/{rel}","templated":true}]}}